{"id":1342,"date":"2018-03-23T16:53:47","date_gmt":"2018-03-23T15:53:47","guid":{"rendered":"https:\/\/www.mydriverparis.com\/?page_id=1342"},"modified":"2018-03-23T16:53:47","modified_gmt":"2018-03-23T15:53:47","slug":"vaux-le-vicomte","status":"publish","type":"page","link":"https:\/\/www.mydriverparis.com\/fr\/visite\/vaux-le-vicomte\/","title":{"rendered":"Vaux le Vicomte"},"content":{"rendered":"<img loading=\"lazy\" decoding=\"async\" width=\"300\" height=\"200\" class=\"alignnone size-medium wp-image-1300\" src=\"https:\/\/www.mydriverparis.com\/wp-content\/uploads\/2018\/03\/vaux-le-victomte-tour-from-paris-300x200.jpg\" alt=\"Vaux le Vicomte tour from paris\" srcset=\"https:\/\/www.mydriverparis.com\/wp-content\/uploads\/2018\/03\/vaux-le-victomte-tour-from-paris-300x200.jpg 300w, https:\/\/www.mydriverparis.com\/wp-content\/uploads\/2018\/03\/vaux-le-victomte-tour-from-paris-100x67.jpg 100w, https:\/\/www.mydriverparis.com\/wp-content\/uploads\/2018\/03\/vaux-le-victomte-tour-from-paris.jpg 525w\" sizes=\"auto, (max-width: 300px) 100vw, 300px\" \/><\/p>\n<p>Cette visite priv\u00e9e est uniquement le samedi de mai \u00e0 octobre et commence \u00e0 15h30. Votre chauffeur priv\u00e9 viendra vous chercher pour ce voyage tr\u00e8s sp\u00e9cial au ch\u00e2teau du ch\u00e2teau de Vaux le Vicomte.<\/p>\n<p>Ce ch\u00e2teau est un ch\u00e2teau fran\u00e7ais baroque, 55 km au sud-est de Paris et a \u00e9t\u00e9 construit de 1658 \u00e0 1661 pour Nicolas Fouquet, le surintendant des finances de Louis XIV.<\/p>\n<p>Le ch\u00e2teau a \u00e9t\u00e9 \u00e0 bien des \u00e9gards l&#8217;\u0153uvre le plus influent construit en Europe au milieu du 17\u00e8me si\u00e8cle et l&#8217;une des maisons les plus \u00e9labor\u00e9es et majestueuses construites en France. A Vaux-le-Vicomte, l&#8217;architecte Louis Le Vau, l&#8217;architecte paysagiste Andr\u00e9 le N\u00f4tre et le peintre-d\u00e9corateur Charles Le Brun ont travaill\u00e9 ensemble pour la premi\u00e8re fois sur un projet d&#8217;envergure. Leur collaboration marque le d\u00e9but d&#8217;un nouvel ordre: la mani\u00e8re magnifique associ\u00e9e au style Louis XIV.<\/p>\n<p>Le ch\u00e2teau \u00e9tait raffin\u00e9 et \u00e9blouissant, mais ces caract\u00e9ristiques s&#8217;av\u00e9r\u00e8rent tragiques pour son propri\u00e9taire: le roi fit arr\u00eater Fouquet peu de temps apr\u00e8s une c\u00e9l\u00e8bre f\u00eate qui eut lieu le 17 ao\u00fbt 1661 et o\u00f9 la pi\u00e8ce de Moli\u00e8re, Les F\u00e2cheux, fit ses d\u00e9buts. La f\u00eate avait \u00e9t\u00e9 trop impressionnante et la maison du surintendant trop luxueuse. Les intentions de Fouquet \u00e9taient de flatter le roi: une partie de Vaux-le-Vicomte \u00e9tait en fait construite sp\u00e9cifiquement pour le roi, mais le plan de Fouquet a \u00e9chou\u00e9.<\/p>\n<p>Le ch\u00e2teau a \u00e9t\u00e9 menac\u00e9 d&#8217;abandon et de destruction, mais il a surv\u00e9cu, gr\u00e2ce \u00e0 la d\u00e9termination sans faille de trois si\u00e8cles d&#8217;individus d\u00e9vou\u00e9s. Le ch\u00e2teau symbolise l&#8217;intelligence, le go\u00fbt et l&#8217;ind\u00e9pendance de son cr\u00e9ateur, Nicolas Fouquet.<\/p>\n<p>Lorsque vous arriverez, votre chauffeur MyDriverParis vous emm\u00e8nera pour une visite priv\u00e9e et guid\u00e9e du ch\u00e2teau et des jardins exceptionnels. Apr\u00e8s votre visite, vous aurez le temps de vous rafra\u00eechir et de vous promener dans la boutique de cadeaux. La nuit, d\u00e9couvrez les jardins de Vaux le Vicomte, \u00e9clair\u00e9s par plus de 2000 bougies, accompagn\u00e9s de musique classique. Vous pouvez prendre un verre de champagne que vous achetez dans le bar \u00e0 champagne et vous asseoir dans une chaise longue pour en profiter. Vers minuit, votre guide vous ram\u00e8nera \u00e0 Paris dans une voiture de luxe.<\/p>\n<p><strong>Tarifs :<\/strong><\/p>\n<table>\n<tbody>\n<tr>\n<td data-title=\"Column 1\">Mercedes Classe E<\/td>\n<td data-title=\"Column 1\">\u00a0Personnes : 4<\/td>\n<td data-title=\"Column 1\">Prix : 800\u20ac<\/td>\n<\/tr>\n<tr>\n<td data-title=\"Column 2\">Mercedes Classe V<\/td>\n<td data-title=\"Column 2\">\u00a0Personnes : 7<\/td>\n<td data-title=\"Column 2\">Prix : 900\u20ac<\/td>\n<\/tr>\n<tr>\n<td data-title=\"Column 3\">Mercedes Classe S<\/td>\n<td data-title=\"Column 3\">\u00a0Personnes : 4<\/td>\n<td data-title=\"Column 3\">Prix : 1200\u20ac<\/td>\n<\/tr>\n<tr>\n<td data-title=\"Column 4\">Mercedes Sprinter<\/td>\n<td data-title=\"Column 4\">\u00a0Personnes : de 12 \u00e0 30<\/td>\n<td data-title=\"Column 4\">Prix : 1600\u20ac<\/td>\n<\/tr>\n<\/tbody>\n<\/table>\n<p>Pour r\u00e9server ce tour , merci de nous contacter par e-mail \u00e0 l&#8217;adresse suivante : contact@mydriverparis.com\n","protected":false},"excerpt":{"rendered":"","protected":false},"author":1,"featured_media":0,"parent":1324,"menu_order":0,"comment_status":"closed","ping_status":"closed","template":"","meta":{"om_disable_all_campaigns":false,"footnotes":""},"class_list":["post-1342","page","type-page","status-publish","hentry"],"_links":{"self":[{"href":"https:\/\/www.mydriverparis.com\/fr\/wp-json\/wp\/v2\/pages\/1342","targetHints":{"allow":["GET"]}}],"collection":[{"href":"https:\/\/www.mydriverparis.com\/fr\/wp-json\/wp\/v2\/pages"}],"about":[{"href":"https:\/\/www.mydriverparis.com\/fr\/wp-json\/wp\/v2\/types\/page"}],"author":[{"embeddable":true,"href":"https:\/\/www.mydriverparis.com\/fr\/wp-json\/wp\/v2\/users\/1"}],"replies":[{"embeddable":true,"href":"https:\/\/www.mydriverparis.com\/fr\/wp-json\/wp\/v2\/comments?post=1342"}],"version-history":[{"count":0,"href":"https:\/\/www.mydriverparis.com\/fr\/wp-json\/wp\/v2\/pages\/1342\/revisions"}],"up":[{"embeddable":true,"href":"https:\/\/www.mydriverparis.com\/fr\/wp-json\/wp\/v2\/pages\/1324"}],"wp:attachment":[{"href":"https:\/\/www.mydriverparis.com\/fr\/wp-json\/wp\/v2\/media?parent=1342"}],"curies":[{"name":"wp","href":"https:\/\/api.w.org\/{rel}","templated":true}]}}