{"id":814,"date":"2017-10-10T17:30:43","date_gmt":"2017-10-10T15:30:43","guid":{"rendered":"https:\/\/www.mydriverparis.com\/index.php\/mondial-de-lautomobile\/"},"modified":"2018-03-27T17:06:15","modified_gmt":"2018-03-27T15:06:15","slug":"mondial-de-lautomobile","status":"publish","type":"page","link":"https:\/\/www.mydriverparis.com\/fr\/evenements\/mondial-de-lautomobile\/","title":{"rendered":"Mondial de l&#8217;Automobile"},"content":{"rendered":"<img loading=\"lazy\" decoding=\"async\" width=\"300\" height=\"300\" class=\"alignnone size-medium wp-image-917\" src=\"https:\/\/www.mydriverparis.com\/wp-content\/uploads\/2017\/10\/mondial-de-lautomobile-de-paris-300x300.jpg\" alt=\"\" srcset=\"https:\/\/www.mydriverparis.com\/wp-content\/uploads\/2017\/10\/mondial-de-lautomobile-de-paris-300x300.jpg 300w, https:\/\/www.mydriverparis.com\/wp-content\/uploads\/2017\/10\/mondial-de-lautomobile-de-paris-150x150.jpg 150w, https:\/\/www.mydriverparis.com\/wp-content\/uploads\/2017\/10\/mondial-de-lautomobile-de-paris-100x100.jpg 100w, https:\/\/www.mydriverparis.com\/wp-content\/uploads\/2017\/10\/mondial-de-lautomobile-de-paris-70x70.jpg 70w, https:\/\/www.mydriverparis.com\/wp-content\/uploads\/2017\/10\/mondial-de-lautomobile-de-paris-80x80.jpg 80w, https:\/\/www.mydriverparis.com\/wp-content\/uploads\/2017\/10\/mondial-de-lautomobile-de-paris.jpg 387w\" sizes=\"auto, (max-width: 300px) 100vw, 300px\" \/><\/p>\n<p>Le\u00a0Mondial de l&#8217;automobile de Paris\u00a0est le premier\u00a0salon automobile\u00a0mondial. Il se d\u00e9roule tous les deux ans (les ann\u00e9es paires), en\u00a0octobre, \u00e0\u00a0Paris, au\u00a0Parc des expositions de la porte de Versailles, en alternance avec le\u00a0Salon de Francfort\u00a0(le plus grand en termes de superficie).<\/p>\n<p>\u00c0 l\u2019origine, le Mondial \u00e9tait connu sous le nom de \u00ab\u00a0Salon International de l&#8217;automobile et du cycle\u00a0\u00bb et ce n\u2019est qu\u2019en\u00a01988\u00a0qu\u2019il a pris la d\u00e9nomination actuelle. En\u00a02014, le mondial de l&#8217;automobile accueille 1 253 513 visiteurs, ce qui en fait le salon de l&#8217;auto le plus visit\u00e9 au monde devant\u00a0Tokyo\u00a0et\u00a0Francfort.<\/p>\n<p>Vous pouvez d\u00e8s \u00e0 pr\u00e9sent r\u00e9server votre chauffeur priv\u00e9 VTC pour le mondial de l&#8217;automobile.\n","protected":false},"excerpt":{"rendered":"","protected":false},"author":1,"featured_media":0,"parent":809,"menu_order":0,"comment_status":"closed","ping_status":"closed","template":"excursion-template.php","meta":{"om_disable_all_campaigns":false,"footnotes":""},"class_list":["post-814","page","type-page","status-publish","hentry"],"_links":{"self":[{"href":"https:\/\/www.mydriverparis.com\/fr\/wp-json\/wp\/v2\/pages\/814","targetHints":{"allow":["GET"]}}],"collection":[{"href":"https:\/\/www.mydriverparis.com\/fr\/wp-json\/wp\/v2\/pages"}],"about":[{"href":"https:\/\/www.mydriverparis.com\/fr\/wp-json\/wp\/v2\/types\/page"}],"author":[{"embeddable":true,"href":"https:\/\/www.mydriverparis.com\/fr\/wp-json\/wp\/v2\/users\/1"}],"replies":[{"embeddable":true,"href":"https:\/\/www.mydriverparis.com\/fr\/wp-json\/wp\/v2\/comments?post=814"}],"version-history":[{"count":0,"href":"https:\/\/www.mydriverparis.com\/fr\/wp-json\/wp\/v2\/pages\/814\/revisions"}],"up":[{"embeddable":true,"href":"https:\/\/www.mydriverparis.com\/fr\/wp-json\/wp\/v2\/pages\/809"}],"wp:attachment":[{"href":"https:\/\/www.mydriverparis.com\/fr\/wp-json\/wp\/v2\/media?parent=814"}],"curies":[{"name":"wp","href":"https:\/\/api.w.org\/{rel}","templated":true}]}}